{"id":2999,"date":"2018-08-19T14:45:22","date_gmt":"2018-08-19T18:45:22","guid":{"rendered":"http:\/\/mahingan.mooo.com\/wp\/?page_id=2999"},"modified":"2018-10-17T20:17:24","modified_gmt":"2018-10-18T00:17:24","slug":"sentier-le-mont-ernest-laforce","status":"publish","type":"page","link":"https:\/\/mahingan.les4as.ca\/?page_id=2999","title":{"rendered":"Sentier Le mont Ernest-Laforce"},"content":{"rendered":"<h1>R\u00e9sum\u00e9 de la randonn\u00e9e<\/h1>\n<p>Cela fait deux jours que nous avons parcouru <a href=\"\/?page_id=2631\">le sentier le Tour-du-Mont-Albert<\/a>. Nous sommes encore un peu fatigu\u00e9s, mais nous d\u00e9cidons quand m\u00eame de nous d\u00e9gourdir les jambes en allant explorer le sentier le mont Ernest-Laforce, une petite randonn\u00e9e de 5 kilom\u00e8tres.<\/p>\n<p>Pour atteindre le stationnement, de Sainte-Anne-des-Monts, empruntez la route 299 en direction du parc national de la Gasp\u00e9sie. Tournez \u00e0 gauche sur la route 16 situ\u00e9e juste un peu apr\u00e8s le centre de d\u00e9couverte et de services. L\u2019entr\u00e9e du stationnement se trouve sur la droite apr\u00e8s avoir effectu\u00e9 environ 9 kilom\u00e8tres.<\/p>\n<p>Ce trac\u00e9 est r\u00e9put\u00e9 pour l\u2019observation des orignaux. Nous avons crois\u00e9 plusieurs pistes, probablement emprunt\u00e9s par les orignaux, mais nous n\u2019avons pas eu la chance d\u2019en apercevoir. Le sentier est large et bien am\u00e9nag\u00e9 pour une promenade en famille. Un peu avant d\u2019atteindre le sommet, sur un bloc erratique, une plaque exprime bien ce que nous ressentons.<\/p>\n<blockquote><p><strong>Rassasiez-vous!<\/strong><\/p>\n<p>Respirez profond\u00e9ment.<br \/>\nContemplez les formes, les couleurs.<br \/>\nRessentez le vent.<br \/>\n\u00c9coutez.<br \/>\nHumez tous les ar\u00f4mes.<br \/>\nGo\u00fbtez de tous vos sens.<\/p><\/blockquote>\n<p>Au sommet du mont Ernest-Laforce, un belv\u00e9d\u00e8re attend les marcheurs. Il y a une plaque comm\u00e9morative install\u00e9e \u00e0 sa base.<\/p>\n<blockquote><p><strong>Mont Ernest-Laforce<\/strong><br \/>\n820 m\u00e8tres d\u2019altitude<\/p>\n<p>Nomm\u00e9 ainsi en hommage \u00e0 J.-Ernest Laforce (1879-1977), journaliste et colonisateur qui a collabor\u00e9, entre 1900 et 1940, \u00e0 la fondation de plus de deux cents paroisses rurales. Anim\u00e9 de la foi qui transporte les montagnes, il a remu\u00e9 mer et monde pour \u00e9tablir les familles canadiennes fran\u00e7aises \u00e0 la campagne.<\/p><\/blockquote>\n<p>C\u2019est l\u2019endroit id\u00e9al pour prendre une collation et pour contempler les impressionnantes montagnes situ\u00e9es autour du mont Ernest-Laforce. Plusieurs plaques nous donnent les noms des montagnes, la direction \u00e0 regarder pour les admirer ainsi que leur altitude. Aujourd\u2019hui, au sommet, le vent est fort et Pijiw a de la difficult\u00e9 \u00e0 garder son chapeau sur sa t\u00eate et sa chevelure en ordre, ce qui n\u2019est pas un gros probl\u00e8me pour moi!<\/p>\n<p>Le retour vers la voiture se fait assez rapidement et ce petit parcours nous a permis d\u2019\u00e9liminer les derni\u00e8res toxines emmagasin\u00e9es dans les muscles de nos jambes lors de <a href=\"\/?page_id=2631\">la randonn\u00e9e le Tour-du-Mont-Albert<\/a>. Heureusement, parce que demain, nous allons entreprendre la derni\u00e8re randonn\u00e9e de notre s\u00e9jour dans le parc national de la Gasp\u00e9sie. Dans l\u2019aire de stationnement, nous rencontrons et discutons avec un jeune couple adepte de la longue randonn\u00e9e. La demoiselle s\u2019\u00e9tant foul\u00e9e la cheville, nous les embarquons pour les amener au centre de d\u00e9couverte et de services.<\/p>\n<h1>Informations sur la randonn\u00e9e<\/h1>\n<p><strong>Date :<\/strong> 23 ao\u00fbt 2017<\/p>\n<p><strong>M\u00e9t\u00e9o :<\/strong> Ensoleill\u00e9 avec passages nuageux, 21\u00b0C.<\/p>\n<p><strong>Nombre de caches cherch\u00e9es :<\/strong> 1<\/p>\n<p><strong>Nombre de caches trouv\u00e9es :<\/strong> 1<\/p>\n<p><strong>Distance :<\/strong> 5.3 Kilom\u00e8tres<\/p>\n<p><strong>Stationnement :<\/strong> Route 16 du parc national de la Gasp\u00e9sie<\/p>\n<p><strong>Coordonn\u00e9e GPS du stationnement :<\/strong> N 48\u00b055.498&prime; W 066\u00b003.781&prime;<\/p>\n<p><strong>Lien vers la carte du sentier :<\/strong> <a href=\"\/wp-content\/uploads\/cartes\/SentierInternationalDesAppalaches\/ParcNationalDeLaGaspesie\/LR0119_03.pdf\" rel=\"noopener noreferrer\">Sentier Mont Ernest-Laforce<\/a><\/p>\n<p><strong>Lien vers le profil du sentier :<\/strong> <a href=\"\/wp-content\/uploads\/2018\/08\/Profil_SentierMontErnestLaforce.jpg\" rel=\"noopener noreferrer\">Profil du sentier Mont Ernest-Laforce<\/a><\/p>\n<p><strong>Fichier gpx pour le GPS :<\/strong> <a href=\"\/wp-content\/uploads\/gpx\/Track_Sentier_Mont_Ernest_Laforce.gpx\" rel=\"noopener noreferrer\">Track_Sentier_Mont_Ernest_Laforce.gpx<\/a><\/p>\n<p><strong>Parcours :<\/strong> Boucle<\/p>\n<p><strong>Temps total pour la randonn\u00e9e :<\/strong> 2 heures 20 minutes<\/p>\n<p><strong>Temps de d\u00e9placement :<\/strong> 1 heure 33 minutes<\/p>\n<p><strong>Temps d&rsquo;arr\u00eat :<\/strong> 47 minutes<\/p>\n<p><strong>Liste des caches trouv\u00e9es :<\/strong> GC4J4YV<\/p>\n<h1>Photos de la randonn\u00e9e<\/h1>\n<figure id=\"attachment_3007\" aria-describedby=\"caption-attachment-3007\" style=\"width: 640px\" class=\"wp-caption aligncenter\"><a href=\"\/wp-content\/uploads\/2018\/08\/DSCN3074.jpg\"><img loading=\"lazy\" decoding=\"async\" class=\"size-large wp-image-3007\" src=\"\/wp-content\/uploads\/2018\/08\/DSCN3074-1024x768.jpg\" alt=\"\" width=\"640\" height=\"480\" srcset=\"https:\/\/mahingan.les4as.ca\/wp-content\/uploads\/2018\/08\/DSCN3074-1024x768.jpg 1024w, https:\/\/mahingan.les4as.ca\/wp-content\/uploads\/2018\/08\/DSCN3074-300x225.jpg 300w, https:\/\/mahingan.les4as.ca\/wp-content\/uploads\/2018\/08\/DSCN3074-768x576.jpg 768w, https:\/\/mahingan.les4as.ca\/wp-content\/uploads\/2018\/08\/DSCN3074-360x270.jpg 360w, https:\/\/mahingan.les4as.ca\/wp-content\/uploads\/2018\/08\/DSCN3074.jpg 1200w\" sizes=\"auto, (max-width: 640px) 100vw, 640px\" \/><\/a><figcaption id=\"caption-attachment-3007\" class=\"wp-caption-text\">Le d\u00e9but du sentier.<br \/>N 48\u00b055.492&prime; W 066\u00b003.762&prime;<\/figcaption><\/figure>\n<figure id=\"attachment_3008\" aria-describedby=\"caption-attachment-3008\" style=\"width: 640px\" class=\"wp-caption aligncenter\"><a href=\"\/wp-content\/uploads\/2018\/08\/DSCN3082.jpg\"><img loading=\"lazy\" decoding=\"async\" class=\"size-large wp-image-3008\" src=\"\/wp-content\/uploads\/2018\/08\/DSCN3082-1024x768.jpg\" alt=\"\" width=\"640\" height=\"480\" srcset=\"https:\/\/mahingan.les4as.ca\/wp-content\/uploads\/2018\/08\/DSCN3082-1024x768.jpg 1024w, https:\/\/mahingan.les4as.ca\/wp-content\/uploads\/2018\/08\/DSCN3082-300x225.jpg 300w, https:\/\/mahingan.les4as.ca\/wp-content\/uploads\/2018\/08\/DSCN3082-768x576.jpg 768w, https:\/\/mahingan.les4as.ca\/wp-content\/uploads\/2018\/08\/DSCN3082-360x270.jpg 360w, https:\/\/mahingan.les4as.ca\/wp-content\/uploads\/2018\/08\/DSCN3082.jpg 1200w\" sizes=\"auto, (max-width: 640px) 100vw, 640px\" \/><\/a><figcaption id=\"caption-attachment-3008\" class=\"wp-caption-text\">Une vue sur le sentier et, au loin, sur le mont Richardson.<br \/>N 48\u00b055.055&prime; W 066\u00b004.601&prime;<\/figcaption><\/figure>\n<figure id=\"attachment_3011\" aria-describedby=\"caption-attachment-3011\" style=\"width: 640px\" class=\"wp-caption aligncenter\"><a href=\"\/wp-content\/uploads\/2018\/08\/DSCN3094.jpg\"><img loading=\"lazy\" decoding=\"async\" class=\"size-large wp-image-3011\" src=\"\/wp-content\/uploads\/2018\/08\/DSCN3094-1024x768.jpg\" alt=\"\" width=\"640\" height=\"480\" srcset=\"https:\/\/mahingan.les4as.ca\/wp-content\/uploads\/2018\/08\/DSCN3094-1024x768.jpg 1024w, https:\/\/mahingan.les4as.ca\/wp-content\/uploads\/2018\/08\/DSCN3094-300x225.jpg 300w, https:\/\/mahingan.les4as.ca\/wp-content\/uploads\/2018\/08\/DSCN3094-768x576.jpg 768w, https:\/\/mahingan.les4as.ca\/wp-content\/uploads\/2018\/08\/DSCN3094-360x270.jpg 360w, https:\/\/mahingan.les4as.ca\/wp-content\/uploads\/2018\/08\/DSCN3094.jpg 1200w\" sizes=\"auto, (max-width: 640px) 100vw, 640px\" \/><\/a><figcaption id=\"caption-attachment-3011\" class=\"wp-caption-text\">Un bloc erratique au sommet du mont Ernest-Laforce.<br \/>N 48\u00b055.085&prime; W 066\u00b004.933&prime;<\/figcaption><\/figure>\n<figure id=\"attachment_3031\" aria-describedby=\"caption-attachment-3031\" style=\"width: 640px\" class=\"wp-caption aligncenter\"><a href=\"\/wp-content\/uploads\/2018\/08\/DSCN3093.jpg\"><img loading=\"lazy\" decoding=\"async\" class=\"size-large wp-image-3031\" src=\"\/wp-content\/uploads\/2018\/08\/DSCN3093-768x1024.jpg\" alt=\"\" width=\"640\" height=\"853\" srcset=\"https:\/\/mahingan.les4as.ca\/wp-content\/uploads\/2018\/08\/DSCN3093-768x1024.jpg 768w, https:\/\/mahingan.les4as.ca\/wp-content\/uploads\/2018\/08\/DSCN3093-225x300.jpg 225w, https:\/\/mahingan.les4as.ca\/wp-content\/uploads\/2018\/08\/DSCN3093-203x270.jpg 203w, https:\/\/mahingan.les4as.ca\/wp-content\/uploads\/2018\/08\/DSCN3093.jpg 900w\" sizes=\"auto, (max-width: 640px) 100vw, 640px\" \/><\/a><figcaption id=\"caption-attachment-3031\" class=\"wp-caption-text\">Il est difficile de garder sa mise en plis avec un vent pareil!<br \/>N 48\u00b055.085&prime; W 066\u00b004.933&prime;<\/figcaption><\/figure>\n<figure id=\"attachment_3010\" aria-describedby=\"caption-attachment-3010\" style=\"width: 640px\" class=\"wp-caption aligncenter\"><a href=\"\/wp-content\/uploads\/2018\/08\/DSCN3091.jpg\"><img loading=\"lazy\" decoding=\"async\" class=\"size-large wp-image-3010\" src=\"\/wp-content\/uploads\/2018\/08\/DSCN3091-1024x768.jpg\" alt=\"\" width=\"640\" height=\"480\" srcset=\"https:\/\/mahingan.les4as.ca\/wp-content\/uploads\/2018\/08\/DSCN3091-1024x768.jpg 1024w, https:\/\/mahingan.les4as.ca\/wp-content\/uploads\/2018\/08\/DSCN3091-300x225.jpg 300w, https:\/\/mahingan.les4as.ca\/wp-content\/uploads\/2018\/08\/DSCN3091-768x576.jpg 768w, https:\/\/mahingan.les4as.ca\/wp-content\/uploads\/2018\/08\/DSCN3091-360x270.jpg 360w, https:\/\/mahingan.les4as.ca\/wp-content\/uploads\/2018\/08\/DSCN3091.jpg 1200w\" sizes=\"auto, (max-width: 640px) 100vw, 640px\" \/><\/a><figcaption id=\"caption-attachment-3010\" class=\"wp-caption-text\">La plaque fix\u00e9e sur le bloc erratique.<br \/>N 48\u00b055.085&prime; W 066\u00b004.933&prime;<\/figcaption><\/figure>\n<figure id=\"attachment_3012\" aria-describedby=\"caption-attachment-3012\" style=\"width: 640px\" class=\"wp-caption aligncenter\"><a href=\"\/wp-content\/uploads\/2018\/08\/DSCN3095.jpg\"><img loading=\"lazy\" decoding=\"async\" class=\"size-large wp-image-3012\" src=\"\/wp-content\/uploads\/2018\/08\/DSCN3095-1024x768.jpg\" alt=\"\" width=\"640\" height=\"480\" srcset=\"https:\/\/mahingan.les4as.ca\/wp-content\/uploads\/2018\/08\/DSCN3095-1024x768.jpg 1024w, https:\/\/mahingan.les4as.ca\/wp-content\/uploads\/2018\/08\/DSCN3095-300x225.jpg 300w, https:\/\/mahingan.les4as.ca\/wp-content\/uploads\/2018\/08\/DSCN3095-768x576.jpg 768w, https:\/\/mahingan.les4as.ca\/wp-content\/uploads\/2018\/08\/DSCN3095-360x270.jpg 360w, https:\/\/mahingan.les4as.ca\/wp-content\/uploads\/2018\/08\/DSCN3095.jpg 1200w\" sizes=\"auto, (max-width: 640px) 100vw, 640px\" \/><\/a><figcaption id=\"caption-attachment-3012\" class=\"wp-caption-text\">Un hommage \u00e0 Ernest Laforce \u00e0 la base du belv\u00e9d\u00e8re.<br \/>N 48\u00b055.132&prime; W 066\u00b004.890&prime;<\/figcaption><\/figure>\n<figure id=\"attachment_3013\" aria-describedby=\"caption-attachment-3013\" style=\"width: 640px\" class=\"wp-caption aligncenter\"><a href=\"\/wp-content\/uploads\/2018\/08\/DSCN3096.jpg\"><img loading=\"lazy\" decoding=\"async\" class=\"size-large wp-image-3013\" src=\"\/wp-content\/uploads\/2018\/08\/DSCN3096-1024x768.jpg\" alt=\"\" width=\"640\" height=\"480\" srcset=\"https:\/\/mahingan.les4as.ca\/wp-content\/uploads\/2018\/08\/DSCN3096-1024x768.jpg 1024w, https:\/\/mahingan.les4as.ca\/wp-content\/uploads\/2018\/08\/DSCN3096-300x225.jpg 300w, https:\/\/mahingan.les4as.ca\/wp-content\/uploads\/2018\/08\/DSCN3096-768x576.jpg 768w, https:\/\/mahingan.les4as.ca\/wp-content\/uploads\/2018\/08\/DSCN3096-360x270.jpg 360w, https:\/\/mahingan.les4as.ca\/wp-content\/uploads\/2018\/08\/DSCN3096.jpg 1200w\" sizes=\"auto, (max-width: 640px) 100vw, 640px\" \/><\/a><figcaption id=\"caption-attachment-3013\" class=\"wp-caption-text\">Le mont Albert (1154 m\u00e8tres) vu du belv\u00e9d\u00e8re.<br \/>N 48\u00b055.132&prime; W 066\u00b004.890&prime;<\/figcaption><\/figure>\n<figure id=\"attachment_3014\" aria-describedby=\"caption-attachment-3014\" style=\"width: 640px\" class=\"wp-caption aligncenter\"><a href=\"\/wp-content\/uploads\/2018\/08\/DSCN3097.jpg\"><img loading=\"lazy\" decoding=\"async\" class=\"size-large wp-image-3014\" src=\"\/wp-content\/uploads\/2018\/08\/DSCN3097-1024x768.jpg\" alt=\"\" width=\"640\" height=\"480\" srcset=\"https:\/\/mahingan.les4as.ca\/wp-content\/uploads\/2018\/08\/DSCN3097-1024x768.jpg 1024w, https:\/\/mahingan.les4as.ca\/wp-content\/uploads\/2018\/08\/DSCN3097-300x225.jpg 300w, https:\/\/mahingan.les4as.ca\/wp-content\/uploads\/2018\/08\/DSCN3097-768x576.jpg 768w, https:\/\/mahingan.les4as.ca\/wp-content\/uploads\/2018\/08\/DSCN3097-360x270.jpg 360w, https:\/\/mahingan.les4as.ca\/wp-content\/uploads\/2018\/08\/DSCN3097.jpg 1200w\" sizes=\"auto, (max-width: 640px) 100vw, 640px\" \/><\/a><figcaption id=\"caption-attachment-3014\" class=\"wp-caption-text\">Le mont Richardson (1180 m\u00e8tres) vu du belv\u00e9d\u00e8re.<br \/>N 48\u00b055.132&prime; W 066\u00b004.890&prime;<\/figcaption><\/figure>\n<figure id=\"attachment_3015\" aria-describedby=\"caption-attachment-3015\" style=\"width: 640px\" class=\"wp-caption aligncenter\"><a href=\"\/wp-content\/uploads\/2018\/08\/DSCN3098.jpg\"><img loading=\"lazy\" decoding=\"async\" class=\"size-large wp-image-3015\" src=\"\/wp-content\/uploads\/2018\/08\/DSCN3098-1024x768.jpg\" alt=\"\" width=\"640\" height=\"480\" srcset=\"https:\/\/mahingan.les4as.ca\/wp-content\/uploads\/2018\/08\/DSCN3098-1024x768.jpg 1024w, https:\/\/mahingan.les4as.ca\/wp-content\/uploads\/2018\/08\/DSCN3098-300x225.jpg 300w, https:\/\/mahingan.les4as.ca\/wp-content\/uploads\/2018\/08\/DSCN3098-768x576.jpg 768w, https:\/\/mahingan.les4as.ca\/wp-content\/uploads\/2018\/08\/DSCN3098-360x270.jpg 360w, https:\/\/mahingan.les4as.ca\/wp-content\/uploads\/2018\/08\/DSCN3098.jpg 1200w\" sizes=\"auto, (max-width: 640px) 100vw, 640px\" \/><\/a><figcaption id=\"caption-attachment-3015\" class=\"wp-caption-text\">Le mont Joseph-Fortin (1080 m\u00e8tres) vu du belv\u00e9d\u00e8re.<br \/>N 48\u00b055.132&prime; W 066\u00b004.890&prime;<\/figcaption><\/figure>\n<figure id=\"attachment_3016\" aria-describedby=\"caption-attachment-3016\" style=\"width: 640px\" class=\"wp-caption aligncenter\"><a href=\"\/wp-content\/uploads\/2018\/08\/DSCN3100.jpg\"><img loading=\"lazy\" decoding=\"async\" class=\"size-large wp-image-3016\" src=\"\/wp-content\/uploads\/2018\/08\/DSCN3100-1024x768.jpg\" alt=\"\" width=\"640\" height=\"480\" srcset=\"https:\/\/mahingan.les4as.ca\/wp-content\/uploads\/2018\/08\/DSCN3100-1024x768.jpg 1024w, https:\/\/mahingan.les4as.ca\/wp-content\/uploads\/2018\/08\/DSCN3100-300x225.jpg 300w, https:\/\/mahingan.les4as.ca\/wp-content\/uploads\/2018\/08\/DSCN3100-768x576.jpg 768w, https:\/\/mahingan.les4as.ca\/wp-content\/uploads\/2018\/08\/DSCN3100-360x270.jpg 360w, https:\/\/mahingan.les4as.ca\/wp-content\/uploads\/2018\/08\/DSCN3100.jpg 1200w\" sizes=\"auto, (max-width: 640px) 100vw, 640px\" \/><\/a><figcaption id=\"caption-attachment-3016\" class=\"wp-caption-text\">Le Petit mont Saint-Anne (1147 m\u00e8tres) vu du belv\u00e9d\u00e8re.<br \/>N 48\u00b055.132&prime; W 066\u00b004.890&prime;<\/figcaption><\/figure>\n<figure id=\"attachment_3017\" aria-describedby=\"caption-attachment-3017\" style=\"width: 640px\" class=\"wp-caption aligncenter\"><a href=\"\/wp-content\/uploads\/2018\/08\/DSCN3101.jpg\"><img loading=\"lazy\" decoding=\"async\" class=\"size-large wp-image-3017\" src=\"\/wp-content\/uploads\/2018\/08\/DSCN3101-1024x768.jpg\" alt=\"\" width=\"640\" height=\"480\" srcset=\"https:\/\/mahingan.les4as.ca\/wp-content\/uploads\/2018\/08\/DSCN3101-1024x768.jpg 1024w, https:\/\/mahingan.les4as.ca\/wp-content\/uploads\/2018\/08\/DSCN3101-300x225.jpg 300w, https:\/\/mahingan.les4as.ca\/wp-content\/uploads\/2018\/08\/DSCN3101-768x576.jpg 768w, https:\/\/mahingan.les4as.ca\/wp-content\/uploads\/2018\/08\/DSCN3101-360x270.jpg 360w, https:\/\/mahingan.les4as.ca\/wp-content\/uploads\/2018\/08\/DSCN3101.jpg 1200w\" sizes=\"auto, (max-width: 640px) 100vw, 640px\" \/><\/a><figcaption id=\"caption-attachment-3017\" class=\"wp-caption-text\">Le mont de la Table (1180 m\u00e8tres) vu du belv\u00e9d\u00e8re.<br \/>N 48\u00b055.132&prime; W 066\u00b004.890&prime;<\/figcaption><\/figure>\n<figure id=\"attachment_3018\" aria-describedby=\"caption-attachment-3018\" style=\"width: 640px\" class=\"wp-caption aligncenter\"><a href=\"\/wp-content\/uploads\/2018\/08\/DSCN3102.jpg\"><img loading=\"lazy\" decoding=\"async\" class=\"size-large wp-image-3018\" src=\"\/wp-content\/uploads\/2018\/08\/DSCN3102-1024x768.jpg\" alt=\"\" width=\"640\" height=\"480\" srcset=\"https:\/\/mahingan.les4as.ca\/wp-content\/uploads\/2018\/08\/DSCN3102-1024x768.jpg 1024w, https:\/\/mahingan.les4as.ca\/wp-content\/uploads\/2018\/08\/DSCN3102-300x225.jpg 300w, https:\/\/mahingan.les4as.ca\/wp-content\/uploads\/2018\/08\/DSCN3102-768x576.jpg 768w, https:\/\/mahingan.les4as.ca\/wp-content\/uploads\/2018\/08\/DSCN3102-360x270.jpg 360w, https:\/\/mahingan.les4as.ca\/wp-content\/uploads\/2018\/08\/DSCN3102.jpg 1200w\" sizes=\"auto, (max-width: 640px) 100vw, 640px\" \/><\/a><figcaption id=\"caption-attachment-3018\" class=\"wp-caption-text\">Le mont Xalibu (1140 m\u00e8tres) vu du belv\u00e9d\u00e8re.<br \/>N 48\u00b055.132&prime; W 066\u00b004.890&prime;<\/figcaption><\/figure>\n<figure id=\"attachment_3019\" aria-describedby=\"caption-attachment-3019\" style=\"width: 640px\" class=\"wp-caption aligncenter\"><a href=\"\/wp-content\/uploads\/2018\/08\/DSCN3103.jpg\"><img loading=\"lazy\" decoding=\"async\" class=\"size-large wp-image-3019\" src=\"\/wp-content\/uploads\/2018\/08\/DSCN3103-1024x768.jpg\" alt=\"\" width=\"640\" height=\"480\" srcset=\"https:\/\/mahingan.les4as.ca\/wp-content\/uploads\/2018\/08\/DSCN3103-1024x768.jpg 1024w, https:\/\/mahingan.les4as.ca\/wp-content\/uploads\/2018\/08\/DSCN3103-300x225.jpg 300w, https:\/\/mahingan.les4as.ca\/wp-content\/uploads\/2018\/08\/DSCN3103-768x576.jpg 768w, https:\/\/mahingan.les4as.ca\/wp-content\/uploads\/2018\/08\/DSCN3103-360x270.jpg 360w, https:\/\/mahingan.les4as.ca\/wp-content\/uploads\/2018\/08\/DSCN3103.jpg 1200w\" sizes=\"auto, (max-width: 640px) 100vw, 640px\" \/><\/a><figcaption id=\"caption-attachment-3019\" class=\"wp-caption-text\">Le mont Chauve (900 m\u00e8tres) vu du belv\u00e9d\u00e8re.<br \/>N 48\u00b055.132&prime; W 066\u00b004.890&prime;<\/figcaption><\/figure>\n<figure id=\"attachment_3020\" aria-describedby=\"caption-attachment-3020\" style=\"width: 640px\" class=\"wp-caption aligncenter\"><a href=\"\/wp-content\/uploads\/2018\/08\/DSCN3104.jpg\"><img loading=\"lazy\" decoding=\"async\" class=\"size-large wp-image-3020\" src=\"\/wp-content\/uploads\/2018\/08\/DSCN3104-1024x768.jpg\" alt=\"\" width=\"640\" height=\"480\" srcset=\"https:\/\/mahingan.les4as.ca\/wp-content\/uploads\/2018\/08\/DSCN3104-1024x768.jpg 1024w, https:\/\/mahingan.les4as.ca\/wp-content\/uploads\/2018\/08\/DSCN3104-300x225.jpg 300w, https:\/\/mahingan.les4as.ca\/wp-content\/uploads\/2018\/08\/DSCN3104-768x576.jpg 768w, https:\/\/mahingan.les4as.ca\/wp-content\/uploads\/2018\/08\/DSCN3104-360x270.jpg 360w, https:\/\/mahingan.les4as.ca\/wp-content\/uploads\/2018\/08\/DSCN3104.jpg 1200w\" sizes=\"auto, (max-width: 640px) 100vw, 640px\" \/><\/a><figcaption id=\"caption-attachment-3020\" class=\"wp-caption-text\">Le mont Hog&rsquo;s Back (830 m\u00e8tres) vu du belv\u00e9d\u00e8re.<br \/>N 48\u00b055.132&prime; W 066\u00b004.890&prime;<\/figcaption><\/figure>\n","protected":false},"excerpt":{"rendered":"<p>R\u00e9sum\u00e9 de la randonn\u00e9e Cela fait deux jours que nous avons parcouru le sentier le Tour-du-Mont-Albert. Nous sommes encore un peu fatigu\u00e9s, mais nous d\u00e9cidons quand m\u00eame de nous d\u00e9gourdir les jambes en allant explorer le sentier le mont Ernest-Laforce, une petite randonn\u00e9e de 5 kilom\u00e8tres. Pour atteindre le stationnement, de Sainte-Anne-des-Monts, empruntez la route 299 en direction du parc national de la Gasp\u00e9sie. Tournez \u00e0 gauche sur la route 16 situ\u00e9e juste un peu apr\u00e8s le centre de d\u00e9couverte&#8230;<\/p>\n<p class=\"read-more\"><a class=\"btn btn-default\" href=\"https:\/\/mahingan.les4as.ca\/?page_id=2999\">Lire la suite<span class=\"screen-reader-text\"> Lire la suite<\/span><\/a><\/p>\n","protected":false},"author":1,"featured_media":3034,"parent":2886,"menu_order":1,"comment_status":"open","ping_status":"open","template":"","meta":{"footnotes":""},"class_list":["post-2999","page","type-page","status-publish","has-post-thumbnail","hentry"],"_links":{"self":[{"href":"https:\/\/mahingan.les4as.ca\/index.php?rest_route=\/wp\/v2\/pages\/2999","targetHints":{"allow":["GET"]}}],"collection":[{"href":"https:\/\/mahingan.les4as.ca\/index.php?rest_route=\/wp\/v2\/pages"}],"about":[{"href":"https:\/\/mahingan.les4as.ca\/index.php?rest_route=\/wp\/v2\/types\/page"}],"author":[{"embeddable":true,"href":"https:\/\/mahingan.les4as.ca\/index.php?rest_route=\/wp\/v2\/users\/1"}],"replies":[{"embeddable":true,"href":"https:\/\/mahingan.les4as.ca\/index.php?rest_route=%2Fwp%2Fv2%2Fcomments&post=2999"}],"version-history":[{"count":16,"href":"https:\/\/mahingan.les4as.ca\/index.php?rest_route=\/wp\/v2\/pages\/2999\/revisions"}],"predecessor-version":[{"id":3239,"href":"https:\/\/mahingan.les4as.ca\/index.php?rest_route=\/wp\/v2\/pages\/2999\/revisions\/3239"}],"up":[{"embeddable":true,"href":"https:\/\/mahingan.les4as.ca\/index.php?rest_route=\/wp\/v2\/pages\/2886"}],"wp:featuredmedia":[{"embeddable":true,"href":"https:\/\/mahingan.les4as.ca\/index.php?rest_route=\/wp\/v2\/media\/3034"}],"wp:attachment":[{"href":"https:\/\/mahingan.les4as.ca\/index.php?rest_route=%2Fwp%2Fv2%2Fmedia&parent=2999"}],"curies":[{"name":"wp","href":"https:\/\/api.w.org\/{rel}","templated":true}]}}